{"id":10615509,"date":"2026-08-24T15:01:27","date_gmt":"2026-08-24T19:01:27","guid":{"rendered":"https:\/\/veq.ca\/?post_type=tribe_events&#038;p=1428223"},"modified":"2026-08-24T15:05:46","modified_gmt":"2026-08-24T19:05:46","slug":"bilingual-yoga-classes-with-yoga-quebec","status":"publish","type":"tribe_events","link":"https:\/\/veq.ca\/fr\/event\/bilingual-yoga-classes-with-yoga-quebec\/2026-10-20\/","title":{"rendered":"Bilingual Yoga Classes with Yoga Qu\u00e9bec"},"content":{"rendered":"<p><a href=\"https:\/\/veq.ca\/event\/bilingual-yoga-classes-with-yoga-quebec\/2026-09-15\/veq-publication-promotionnelle\/\" rel=\"attachment wp-att-1428224\"><img loading=\"lazy\" decoding=\"async\" class=\"alignnone wp-image-1428224\" src=\"https:\/\/veq.ca\/wp-content\/uploads\/2026\/08\/VEQ-publication-promotionnelle.png\" alt=\"\" width=\"649\" height=\"464\" srcset=\"https:\/\/veq.ca\/wp-content\/uploads\/2026\/08\/VEQ-publication-promotionnelle.png 2000w, https:\/\/veq.ca\/wp-content\/uploads\/2026\/08\/VEQ-publication-promotionnelle-512x366.png 512w, https:\/\/veq.ca\/wp-content\/uploads\/2026\/08\/VEQ-publication-promotionnelle-1024x732.png 1024w, https:\/\/veq.ca\/wp-content\/uploads\/2026\/08\/VEQ-publication-promotionnelle-768x549.png 768w, https:\/\/veq.ca\/wp-content\/uploads\/2026\/08\/VEQ-publication-promotionnelle-1536x1097.png 1536w, https:\/\/veq.ca\/wp-content\/uploads\/2026\/08\/VEQ-publication-promotionnelle-1320x943.png 1320w\" sizes=\"auto, (max-width: 649px) 100vw, 649px\" \/><\/a><\/p>\n<p><span data-contrast=\"auto\">&#x2728;<\/span><span data-contrast=\"auto\">\u00a0<\/span><span data-contrast=\"auto\">New partnership, new bilingual yoga offering!\u00a0<\/span><span data-contrast=\"auto\">&#x2728;<\/span><span data-ccp-props=\"{}\">\u00a0<\/span><\/p>\n<p><span data-contrast=\"auto\">Voice of English-speaking Qu\u00e9bec (VEQ) is proud to partner with Yoga Qu\u00e9bec to make yoga more accessible to Qu\u00e9bec City\u2019s English-speaking community.\u00a0<\/span><span data-contrast=\"auto\">&#x1f90d;<\/span><span data-ccp-props=\"{}\">\u00a0<\/span><\/p>\n<p><span data-contrast=\"auto\">Located in Sainte-Foy, Yoga Qu\u00e9bec offers a welcoming space dedicated to yoga, movement,\u00a0meditation\u00a0and well-being, with a wide variety of classes for\u00a0different levels\u00a0and approaches.<\/span><span data-ccp-props=\"{}\">\u00a0<\/span><\/p>\n<p><span data-contrast=\"auto\">As part of this new partnership, Yoga Qu\u00e9bec is happy to introduce their bilingual vinyasa class, offered in both French and English. <\/span><span data-contrast=\"auto\">&#x1f33f;<\/span><span data-ccp-props=\"{}\">\u00a0<\/span><\/p>\n<p><span data-contrast=\"auto\">&#x1f9d8;<\/span><span data-contrast=\"auto\">\u00a0Every Tuesday | 5:30\u20136:30 PM<\/span><br \/>\n<span data-contrast=\"auto\">&#x1f4c5;<\/span><span data-contrast=\"auto\">\u00a0Fall session: September 14 \u2013 December 6<\/span><br \/>\n<span data-contrast=\"auto\">&#x1f4cd;<\/span><span data-contrast=\"auto\">\u00a0844 rue Paradis, Sainte-Foy, Qu\u00e9bec<\/span><span data-ccp-props=\"{}\">\u00a0<\/span><\/p>\n<p><span data-contrast=\"auto\">Whether\u00a0you\u2019re\u00a0new to yoga or already have an established practice, you\u2019re welcome to join us and discover the Yoga Qu\u00e9bec community in an inclusive, bilingual environment.<\/span><span data-ccp-props=\"{}\">\u00a0<\/span><\/p>\n<p><span data-contrast=\"auto\">&#x1f449;<\/span><span data-contrast=\"auto\">\u00a0Register now at yogaquebec.com<\/span><span data-ccp-props=\"{}\">\u00a0<\/span><\/p>\n","protected":false},"excerpt":{"rendered":"<p>&#x2728;\u00a0New partnership, new bilingual yoga offering!\u00a0&#x2728;\u00a0 Voice of English-speaking Qu\u00e9bec (VEQ) is proud to partner with Yoga Qu\u00e9bec to make yoga more accessible to Qu\u00e9bec City\u2019s English-speaking community.\u00a0&#x1f90d;\u00a0 Located in [&hellip;]<\/p>\n","protected":false},"author":15,"featured_media":0,"template":"","meta":{"_acf_changed":false,"_tribe_events_status":"","_tribe_events_status_reason":"","_tribe_events_is_hybrid":"","_tribe_events_is_virtual":"","_tribe_events_virtual_video_source":"","_tribe_events_virtual_embed_video":"","_tribe_events_virtual_linked_button_text":"","_tribe_events_virtual_linked_button":"","_tribe_events_virtual_show_embed_at":"","_tribe_events_virtual_show_embed_to":[],"_tribe_events_virtual_show_on_event":"","_tribe_events_virtual_show_on_views":"","_tribe_events_virtual_url":"","footnotes":""},"tags":[],"tribe_events_cat":[],"class_list":["post-10615509","tribe_events","type-tribe_events","status-publish","hentry","tribe-recurring-event","tribe-recurring-event-parent"],"acf":[],"yoast_head":"<!-- This site is optimized with the Yoast SEO plugin v28.4 - https:\/\/yoast.com\/product\/yoast-seo-wordpress\/ -->\n<title>Bilingual Yoga Classes with Yoga Qu\u00e9bec &#8212; Voice of English-speaking Qu\u00e9bec<\/title>\n<meta name=\"robots\" content=\"index, follow, max-snippet:-1, max-image-preview:large, max-video-preview:-1\" \/>\n<link rel=\"canonical\" href=\"https:\/\/veq.ca\/fr\/event\/bilingual-yoga-classes-with-yoga-quebec\/2026-10-20\/\" \/>\n<meta property=\"og:locale\" content=\"fr_FR\" \/>\n<meta property=\"og:type\" content=\"article\" \/>\n<meta property=\"og:title\" content=\"Bilingual Yoga Classes with Yoga Qu\u00e9bec &#8212; Voice of English-speaking Qu\u00e9bec\" \/>\n<meta property=\"og:description\" content=\"&#x2728;\u00a0New partnership, new bilingual yoga offering!\u00a0&#x2728;\u00a0 Voice of English-speaking Qu\u00e9bec (VEQ) is proud to partner with Yoga Qu\u00e9bec to make yoga more accessible to Qu\u00e9bec City\u2019s English-speaking community.\u00a0&#x1f90d;\u00a0 Located in [&hellip;]\" \/>\n<meta property=\"og:url\" content=\"https:\/\/veq.ca\/fr\/event\/bilingual-yoga-classes-with-yoga-quebec\/2026-10-20\/\" \/>\n<meta property=\"og:site_name\" content=\"Voice of English-speaking Qu\u00e9bec\" \/>\n<meta property=\"article:publisher\" content=\"https:\/\/www.facebook.com\/Voice-of-English-speaking-Quebec-114198115271356\/timeline\/\" \/>\n<meta property=\"article:modified_time\" content=\"2026-08-24T19:05:46+00:00\" \/>\n<meta property=\"og:image\" content=\"https:\/\/veq.ca\/wp-content\/uploads\/2026\/08\/VEQ-publication-promotionnelle.png\" \/>\n<script type=\"application\/ld+json\" class=\"yoast-schema-graph\">{\"@context\":\"https:\\\/\\\/schema.org\",\"@graph\":[{\"@type\":\"WebPage\",\"@id\":\"https:\\\/\\\/veq.ca\\\/fr\\\/event\\\/bilingual-yoga-classes-with-yoga-quebec\\\/2026-10-20\\\/\",\"url\":\"https:\\\/\\\/veq.ca\\\/fr\\\/event\\\/bilingual-yoga-classes-with-yoga-quebec\\\/2026-10-20\\\/\",\"name\":\"Bilingual Yoga Classes with Yoga Qu\u00e9bec &#8212; Voice of English-speaking Qu\u00e9bec\",\"isPartOf\":{\"@id\":\"https:\\\/\\\/veq.ca\\\/fr\\\/#website\"},\"primaryImageOfPage\":{\"@id\":\"https:\\\/\\\/veq.ca\\\/fr\\\/event\\\/bilingual-yoga-classes-with-yoga-quebec\\\/2026-10-20\\\/#primaryimage\"},\"image\":{\"@id\":\"https:\\\/\\\/veq.ca\\\/fr\\\/event\\\/bilingual-yoga-classes-with-yoga-quebec\\\/2026-10-20\\\/#primaryimage\"},\"thumbnailUrl\":\"https:\\\/\\\/veq.ca\\\/wp-content\\\/uploads\\\/2026\\\/08\\\/VEQ-publication-promotionnelle.png\",\"datePublished\":\"2026-08-24T19:01:27+00:00\",\"dateModified\":\"2026-08-24T19:05:46+00:00\",\"breadcrumb\":{\"@id\":\"https:\\\/\\\/veq.ca\\\/fr\\\/event\\\/bilingual-yoga-classes-with-yoga-quebec\\\/2026-10-20\\\/#breadcrumb\"},\"inLanguage\":\"fr-FR\",\"potentialAction\":[{\"@type\":\"ReadAction\",\"target\":[\"https:\\\/\\\/veq.ca\\\/fr\\\/event\\\/bilingual-yoga-classes-with-yoga-quebec\\\/2026-10-20\\\/\"]}]},{\"@type\":\"ImageObject\",\"inLanguage\":\"fr-FR\",\"@id\":\"https:\\\/\\\/veq.ca\\\/fr\\\/event\\\/bilingual-yoga-classes-with-yoga-quebec\\\/2026-10-20\\\/#primaryimage\",\"url\":\"https:\\\/\\\/veq.ca\\\/wp-content\\\/uploads\\\/2026\\\/08\\\/VEQ-publication-promotionnelle.png\",\"contentUrl\":\"https:\\\/\\\/veq.ca\\\/wp-content\\\/uploads\\\/2026\\\/08\\\/VEQ-publication-promotionnelle.png\"},{\"@type\":\"BreadcrumbList\",\"@id\":\"https:\\\/\\\/veq.ca\\\/fr\\\/event\\\/bilingual-yoga-classes-with-yoga-quebec\\\/2026-10-20\\\/#breadcrumb\",\"itemListElement\":[{\"@type\":\"ListItem\",\"position\":1,\"name\":\"Accueil\",\"item\":\"https:\\\/\\\/veq.ca\\\/fr\\\/\"},{\"@type\":\"ListItem\",\"position\":2,\"name\":\"\u00c9v\u00e8nements\",\"item\":\"https:\\\/\\\/veq.ca\\\/fr\\\/events\\\/\"},{\"@type\":\"ListItem\",\"position\":3,\"name\":\"Bilingual Yoga Classes with Yoga Qu\u00e9bec\"}]},{\"@type\":\"WebSite\",\"@id\":\"https:\\\/\\\/veq.ca\\\/fr\\\/#website\",\"url\":\"https:\\\/\\\/veq.ca\\\/fr\\\/\",\"name\":\"Voice of English-speaking Qu\u00e9bec\",\"description\":\"English in Qu\u00e9bec City\",\"publisher\":{\"@id\":\"https:\\\/\\\/veq.ca\\\/fr\\\/#organization\"},\"alternateName\":\"VEQ\",\"potentialAction\":[{\"@type\":\"SearchAction\",\"target\":{\"@type\":\"EntryPoint\",\"urlTemplate\":\"https:\\\/\\\/veq.ca\\\/fr\\\/?s={search_term_string}\"},\"query-input\":{\"@type\":\"PropertyValueSpecification\",\"valueRequired\":true,\"valueName\":\"search_term_string\"}}],\"inLanguage\":\"fr-FR\"},{\"@type\":\"Organization\",\"@id\":\"https:\\\/\\\/veq.ca\\\/fr\\\/#organization\",\"name\":\"Voice of English-speaking Qu\u00e9bec\",\"url\":\"https:\\\/\\\/veq.ca\\\/fr\\\/\",\"logo\":{\"@type\":\"ImageObject\",\"inLanguage\":\"fr-FR\",\"@id\":\"https:\\\/\\\/veq.ca\\\/fr\\\/#\\\/schema\\\/logo\\\/image\\\/\",\"url\":\"\",\"contentUrl\":\"\",\"caption\":\"Voice of English-speaking Qu\u00e9bec\"},\"image\":{\"@id\":\"https:\\\/\\\/veq.ca\\\/fr\\\/#\\\/schema\\\/logo\\\/image\\\/\"},\"sameAs\":[\"https:\\\/\\\/www.facebook.com\\\/Voice-of-English-speaking-Quebec-114198115271356\\\/timeline\\\/\",\"https:\\\/\\\/x.com\\\/VEQ_Quebec_City\",\"https:\\\/\\\/www.instagram.com\\\/VoiceofEnglishspeakingQuebec\\\/\",\"https:\\\/\\\/www.youtube.com\\\/channel\\\/UCWNh23QNMSCkYg--JrVrzFw\"]}]}<\/script>\n<!-- \/ Yoast SEO plugin. -->","yoast_head_json":{"title":"Bilingual Yoga Classes with Yoga Qu\u00e9bec &#8212; Voice of English-speaking Qu\u00e9bec","robots":{"index":"index","follow":"follow","max-snippet":"max-snippet:-1","max-image-preview":"max-image-preview:large","max-video-preview":"max-video-preview:-1"},"canonical":"https:\/\/veq.ca\/fr\/event\/bilingual-yoga-classes-with-yoga-quebec\/2026-10-20\/","og_locale":"fr_FR","og_type":"article","og_title":"Bilingual Yoga Classes with Yoga Qu\u00e9bec &#8212; Voice of English-speaking Qu\u00e9bec","og_description":"&#x2728;\u00a0New partnership, new bilingual yoga offering!\u00a0&#x2728;\u00a0 Voice of English-speaking Qu\u00e9bec (VEQ) is proud to partner with Yoga Qu\u00e9bec to make yoga more accessible to Qu\u00e9bec City\u2019s English-speaking community.\u00a0&#x1f90d;\u00a0 Located in [&hellip;]","og_url":"https:\/\/veq.ca\/fr\/event\/bilingual-yoga-classes-with-yoga-quebec\/2026-10-20\/","og_site_name":"Voice of English-speaking Qu\u00e9bec","article_publisher":"https:\/\/www.facebook.com\/Voice-of-English-speaking-Quebec-114198115271356\/timeline\/","article_modified_time":"2026-08-24T19:05:46+00:00","og_image":[{"url":"https:\/\/veq.ca\/wp-content\/uploads\/2026\/08\/VEQ-publication-promotionnelle.png","type":"","width":"","height":""}],"schema":{"@context":"https:\/\/schema.org","@graph":[{"@type":"WebPage","@id":"https:\/\/veq.ca\/fr\/event\/bilingual-yoga-classes-with-yoga-quebec\/2026-10-20\/","url":"https:\/\/veq.ca\/fr\/event\/bilingual-yoga-classes-with-yoga-quebec\/2026-10-20\/","name":"Bilingual Yoga Classes with Yoga Qu\u00e9bec &#8212; Voice of English-speaking Qu\u00e9bec","isPartOf":{"@id":"https:\/\/veq.ca\/fr\/#website"},"primaryImageOfPage":{"@id":"https:\/\/veq.ca\/fr\/event\/bilingual-yoga-classes-with-yoga-quebec\/2026-10-20\/#primaryimage"},"image":{"@id":"https:\/\/veq.ca\/fr\/event\/bilingual-yoga-classes-with-yoga-quebec\/2026-10-20\/#primaryimage"},"thumbnailUrl":"https:\/\/veq.ca\/wp-content\/uploads\/2026\/08\/VEQ-publication-promotionnelle.png","datePublished":"2026-08-24T19:01:27+00:00","dateModified":"2026-08-24T19:05:46+00:00","breadcrumb":{"@id":"https:\/\/veq.ca\/fr\/event\/bilingual-yoga-classes-with-yoga-quebec\/2026-10-20\/#breadcrumb"},"inLanguage":"fr-FR","potentialAction":[{"@type":"ReadAction","target":["https:\/\/veq.ca\/fr\/event\/bilingual-yoga-classes-with-yoga-quebec\/2026-10-20\/"]}]},{"@type":"ImageObject","inLanguage":"fr-FR","@id":"https:\/\/veq.ca\/fr\/event\/bilingual-yoga-classes-with-yoga-quebec\/2026-10-20\/#primaryimage","url":"https:\/\/veq.ca\/wp-content\/uploads\/2026\/08\/VEQ-publication-promotionnelle.png","contentUrl":"https:\/\/veq.ca\/wp-content\/uploads\/2026\/08\/VEQ-publication-promotionnelle.png"},{"@type":"BreadcrumbList","@id":"https:\/\/veq.ca\/fr\/event\/bilingual-yoga-classes-with-yoga-quebec\/2026-10-20\/#breadcrumb","itemListElement":[{"@type":"ListItem","position":1,"name":"Accueil","item":"https:\/\/veq.ca\/fr\/"},{"@type":"ListItem","position":2,"name":"\u00c9v\u00e8nements","item":"https:\/\/veq.ca\/fr\/events\/"},{"@type":"ListItem","position":3,"name":"Bilingual Yoga Classes with Yoga Qu\u00e9bec"}]},{"@type":"WebSite","@id":"https:\/\/veq.ca\/fr\/#website","url":"https:\/\/veq.ca\/fr\/","name":"Voice of English-speaking Qu\u00e9bec","description":"English in Qu\u00e9bec City","publisher":{"@id":"https:\/\/veq.ca\/fr\/#organization"},"alternateName":"VEQ","potentialAction":[{"@type":"SearchAction","target":{"@type":"EntryPoint","urlTemplate":"https:\/\/veq.ca\/fr\/?s={search_term_string}"},"query-input":{"@type":"PropertyValueSpecification","valueRequired":true,"valueName":"search_term_string"}}],"inLanguage":"fr-FR"},{"@type":"Organization","@id":"https:\/\/veq.ca\/fr\/#organization","name":"Voice of English-speaking Qu\u00e9bec","url":"https:\/\/veq.ca\/fr\/","logo":{"@type":"ImageObject","inLanguage":"fr-FR","@id":"https:\/\/veq.ca\/fr\/#\/schema\/logo\/image\/","url":"","contentUrl":"","caption":"Voice of English-speaking Qu\u00e9bec"},"image":{"@id":"https:\/\/veq.ca\/fr\/#\/schema\/logo\/image\/"},"sameAs":["https:\/\/www.facebook.com\/Voice-of-English-speaking-Quebec-114198115271356\/timeline\/","https:\/\/x.com\/VEQ_Quebec_City","https:\/\/www.instagram.com\/VoiceofEnglishspeakingQuebec\/","https:\/\/www.youtube.com\/channel\/UCWNh23QNMSCkYg--JrVrzFw"]}]}},"publishpress_future_workflow_manual_trigger":{"enabledWorkflows":[]},"_links":{"self":[{"href":"https:\/\/veq.ca\/fr\/wp-json\/wp\/v2\/tribe_events\/10615509","targetHints":{"allow":["GET"]}}],"collection":[{"href":"https:\/\/veq.ca\/fr\/wp-json\/wp\/v2\/tribe_events"}],"about":[{"href":"https:\/\/veq.ca\/fr\/wp-json\/wp\/v2\/types\/tribe_events"}],"author":[{"embeddable":true,"href":"https:\/\/veq.ca\/fr\/wp-json\/wp\/v2\/users\/15"}],"version-history":[{"count":0,"href":"https:\/\/veq.ca\/fr\/wp-json\/wp\/v2\/tribe_events\/10615509\/revisions"}],"wp:attachment":[{"href":"https:\/\/veq.ca\/fr\/wp-json\/wp\/v2\/media?parent=10615509"}],"wp:term":[{"taxonomy":"post_tag","embeddable":true,"href":"https:\/\/veq.ca\/fr\/wp-json\/wp\/v2\/tags?post=10615509"},{"taxonomy":"tribe_events_cat","embeddable":true,"href":"https:\/\/veq.ca\/fr\/wp-json\/wp\/v2\/tribe_events_cat?post=10615509"}],"curies":[{"name":"wp","href":"https:\/\/api.w.org\/{rel}","templated":true}]}}